{"id":10,"date":"2015-04-16T14:35:19","date_gmt":"2015-04-16T12:35:19","guid":{"rendered":"http:\/\/marktplatz-rabenberg.de\/?page_id=10"},"modified":"2015-05-16T17:40:45","modified_gmt":"2015-05-16T15:40:45","slug":"herzlich-willkommen","status":"publish","type":"page","link":"https:\/\/marktplatz-rabenberg.de\/?page_id=10","title":{"rendered":"Herzlich Willkommen!"},"content":{"rendered":"<p>Im Herbst 2010 hat der damalige Ortsb\u00fcrgermeister des Ortsratsbezirkes Wolfsburg-Mitte-West Klaus-Dieter Richter die B\u00fcrger aufgefordert, sich f\u00fcr ihren Stadtteil gemeinsam aktiv einzusetzen. Es wurde dazu die &#8222;Interessengemeinschaft Marktplatz Rabenberg&#8220; gegr\u00fcndet. Unser aktueller Ortsb\u00fcrgermeister Adam Ciemniak hat diese Zusammenarbeit weitergef\u00fchrt.<\/p>\n<p>Unter Schirmherrschaft des Ortsrates hat diese Interessengemeinschaft neben mehrfacher Organisation eines Adventssingens die Installation eines Stromkastens f\u00fcr die Marktbeschicker und die Aufstellung zus\u00e4tzlicher Sitzb\u00e4nke erreicht. Das Engagement der beteiligten B\u00fcrger hat sich jedoch letztlich ersch\u00f6pft.<\/p>\n<p>Auf Betreiben von Willi Werkmeister und meiner Person wurde mit Unters\u00fctzung des Ortsrates danach von der Stadt Wolfsburg die dringend reparaturbed\u00fcrtige Anliegerstra\u00dfe Rabenbergstra\u00dfe instandgesetzt. Ein Spielger\u00e4t f\u00fcr Kleinkinder auf dem Marktplatz wurde durch ein neues ersetzt. Ein Abfalleimer gegen eine kr\u00e4hensichere Variante ausgetauscht.<\/p>\n<p>Dieses Engagement f\u00fcr den eigenen Stadtteil m\u00f6chte ich nach l\u00e4ngerer Zeit mit dieser Neugestaltung der Website fortf\u00fchren. Mein Ziel ist es, mit aktuellen Berichten und ver\u00f6ffentlichten Eingaben bei der Stadtverwaltung die B\u00fcrger zu mehr eigener politischer konstruktiver Beteiligung an der Kommunalpolitik anzuregen. <a href=\"http:\/\/marktplatz-rabenberg.de\/?page_id=62\"  target=\"_blank\"  target=\"_blank\">B\u00fcrgerbeteiligung <\/a>ist angesagt!<\/p>\n<p>Au\u00dferdem m\u00f6chte ich den \u00f6rtlichen Gewerbetreibenden eine Plattform zur Selbstdarstellung bieten. Es w\u00e4re sch\u00f6n, wenn daraus mehr entsteht&#8230;<\/p>\n","protected":false},"excerpt":{"rendered":"<p>Im Herbst 2010 hat der damalige Ortsb\u00fcrgermeister des Ortsratsbezirkes Wolfsburg-Mitte-West Klaus-Dieter Richter die B\u00fcrger aufgefordert, sich f\u00fcr ihren Stadtteil gemeinsam aktiv einzusetzen. Es wurde dazu die &#8222;Interessengemeinschaft Marktplatz Rabenberg&#8220; gegr\u00fcndet. Unser aktueller Ortsb\u00fcrgermeister Adam Ciemniak hat diese Zusammenarbeit weitergef\u00fchrt. Unter Schirmherrschaft des Ortsrates hat diese Interessengemeinschaft neben mehrfacher Organisation eines Adventssingens die Installation eines Stromkastens [&hellip;]<\/p>\n","protected":false},"author":1,"featured_media":0,"parent":0,"menu_order":0,"comment_status":"closed","ping_status":"closed","template":"","meta":[],"_links":{"self":[{"href":"https:\/\/marktplatz-rabenberg.de\/index.php?rest_route=\/wp\/v2\/pages\/10"}],"collection":[{"href":"https:\/\/marktplatz-rabenberg.de\/index.php?rest_route=\/wp\/v2\/pages"}],"about":[{"href":"https:\/\/marktplatz-rabenberg.de\/index.php?rest_route=\/wp\/v2\/types\/page"}],"author":[{"embeddable":true,"href":"https:\/\/marktplatz-rabenberg.de\/index.php?rest_route=\/wp\/v2\/users\/1"}],"replies":[{"embeddable":true,"href":"https:\/\/marktplatz-rabenberg.de\/index.php?rest_route=%2Fwp%2Fv2%2Fcomments&post=10"}],"version-history":[{"count":7,"href":"https:\/\/marktplatz-rabenberg.de\/index.php?rest_route=\/wp\/v2\/pages\/10\/revisions"}],"predecessor-version":[{"id":93,"href":"https:\/\/marktplatz-rabenberg.de\/index.php?rest_route=\/wp\/v2\/pages\/10\/revisions\/93"}],"wp:attachment":[{"href":"https:\/\/marktplatz-rabenberg.de\/index.php?rest_route=%2Fwp%2Fv2%2Fmedia&parent=10"}],"curies":[{"name":"wp","href":"https:\/\/api.w.org\/{rel}","templated":true}]}}