{"id":228,"date":"2016-09-10T16:58:46","date_gmt":"2016-09-10T14:58:46","guid":{"rendered":"http:\/\/marktplatz-rabenberg.de\/?page_id=228"},"modified":"2017-11-30T18:54:59","modified_gmt":"2017-11-30T16:54:59","slug":"einsamer-einkaufskorb","status":"publish","type":"page","link":"https:\/\/marktplatz-rabenberg.de\/?page_id=228","title":{"rendered":"Einsamer Einkaufskorb"},"content":{"rendered":"<p align=\"justify\"><em>Eine vielleicht nicht ganz ernst zu nehmende, im Kern aber &#8222;denkw\u00fcrdige&#8220;, Darstellung aus eigener Feder zu einem wichtigen Werkzeug unseres Alltags m\u00f6chte ich hier ver\u00f6ffentlichen:<\/em><\/p>\n<p>&nbsp;<\/p>\n<p align=\"justify\">Wu\u00dften Sie eigentlich, da\u00df sich in der Abstellkammer zu Hause eventuell ein unfreiwilliger Untermieter zu Tode langweilt und langsam eine Stauballergie entwickelt? Wer das ist&#8230;?<\/p>\n<p align=\"justify\">Er liebt es, Lebensmittel &amp; Co sicher f\u00fcr Sie vom Supermarktregal bis zum Packtisch zu transportieren; den ganzen Tag immer wieder auf Neue. Und das ist \u00fcberhaupt nicht langweilig! Da kann man so viele unterschiedliche Menschen treffen.<\/p>\n<p align=\"justify\">Soeben hat er noch mit dem eiligen Gesch\u00e4ftsmann eine schnelle Runde gedreht (Pizza oder Feinkost?), und schon kommt das liebe alte Ehepaar von nebenan zur gem\u00fctlichen Einkaufstour durch alle Abteilungen (Einkaufszettel?). Und gestern kam eine Gro\u00dffamilie zum gemeinsamen Wocheneinkauf. Da hat das Laufband an das Kasse fast nicht ausgereicht. Diesen Auftrag hat allerdings sein gro\u00dfer Bruder Einkaufswagen \u00fcbernommen. Sorry.<\/p>\n<p align=\"justify\">Doch was ist dann urpl\u00f6tzlich passiert? Beim letzten Einkauf wurde er selbst verladen; &#8230;einfach mitgenommen! Von wem? Vor lauter Schreck hat er sich gar nicht gemerkt, wer ihn wohin verschleppt hat. Er wei\u00df nur eins: Ich will zur\u00fcck! Raus aus dieser dunklen Kammer.<\/p>\n<p align=\"justify\">Sein innigster Wunsch ist, nimm mich einfach beim n\u00e4chsten Einkauf wieder mit. Am Packtisch angekommen, \u00fcberlasse mich einfach wieder dem n\u00e4chsten Kunden&#8230;<\/p>\n<p>Dein Einkaufskorb<\/p>\n<p>&nbsp;<\/p>\n<p><em>PS: Plastikt\u00fcten sind aus Umweltschutzgr\u00fcnden \u00e4u\u00dferst unerw\u00fcnscht. Einkaufsk\u00f6rbe als Ladeneinrichtung sind nicht immer verf\u00fcgbar. Warum bringen Sie nicht einfach Ihren <span style=\"text-decoration: underline;\">eigenen <\/span>topmodischen und multifunktionalen Einkaufskorb f\u00fcr den kleineren Einkauf mit? Hauptsache, es wird alles &#8222;verzollt&#8220;.<\/em><\/p>\n","protected":false},"excerpt":{"rendered":"<p>Eine vielleicht nicht ganz ernst zu nehmende, im Kern aber &#8222;denkw\u00fcrdige&#8220;, Darstellung aus eigener Feder zu einem wichtigen Werkzeug unseres Alltags m\u00f6chte ich hier ver\u00f6ffentlichen: &nbsp; Wu\u00dften Sie eigentlich, da\u00df sich in der Abstellkammer zu Hause eventuell ein unfreiwilliger Untermieter zu Tode langweilt und langsam eine Stauballergie entwickelt? Wer das ist&#8230;? Er liebt es, Lebensmittel [&hellip;]<\/p>\n","protected":false},"author":2,"featured_media":0,"parent":231,"menu_order":0,"comment_status":"closed","ping_status":"closed","template":"","meta":[],"_links":{"self":[{"href":"https:\/\/marktplatz-rabenberg.de\/index.php?rest_route=\/wp\/v2\/pages\/228"}],"collection":[{"href":"https:\/\/marktplatz-rabenberg.de\/index.php?rest_route=\/wp\/v2\/pages"}],"about":[{"href":"https:\/\/marktplatz-rabenberg.de\/index.php?rest_route=\/wp\/v2\/types\/page"}],"author":[{"embeddable":true,"href":"https:\/\/marktplatz-rabenberg.de\/index.php?rest_route=\/wp\/v2\/users\/2"}],"replies":[{"embeddable":true,"href":"https:\/\/marktplatz-rabenberg.de\/index.php?rest_route=%2Fwp%2Fv2%2Fcomments&post=228"}],"version-history":[{"count":6,"href":"https:\/\/marktplatz-rabenberg.de\/index.php?rest_route=\/wp\/v2\/pages\/228\/revisions"}],"predecessor-version":[{"id":240,"href":"https:\/\/marktplatz-rabenberg.de\/index.php?rest_route=\/wp\/v2\/pages\/228\/revisions\/240"}],"up":[{"embeddable":true,"href":"https:\/\/marktplatz-rabenberg.de\/index.php?rest_route=\/wp\/v2\/pages\/231"}],"wp:attachment":[{"href":"https:\/\/marktplatz-rabenberg.de\/index.php?rest_route=%2Fwp%2Fv2%2Fmedia&parent=228"}],"curies":[{"name":"wp","href":"https:\/\/api.w.org\/{rel}","templated":true}]}}