{"id":336,"date":"2017-11-09T18:10:37","date_gmt":"2017-11-09T16:10:37","guid":{"rendered":"http:\/\/marktplatz-rabenberg.de\/?page_id=336"},"modified":"2017-11-30T18:05:55","modified_gmt":"2017-11-30T16:05:55","slug":"von-der-telefonzelle-zur-buecherbox","status":"publish","type":"page","link":"https:\/\/marktplatz-rabenberg.de\/?page_id=336","title":{"rendered":"Von der Telefonzelle zur B\u00fccherbox"},"content":{"rendered":"<p>Ich habe bei Stadtverwaltung &amp; Politik folgenden Vorschlag eingereicht:<\/p>\n<p lang=\"zxx\" align=\"justify\"><span style=\"font-family: Arial,sans-serif;\">Die Deutsche Telekom hat die Erlaubnis bekommen, <a href=\"https:\/\/ratsinfob.stadt.wolfsburg.de\/vo020?3&amp;VOLFDNR=1001180&amp;refresh=false\"  target=\"_blank\" rel=\"external nofollow\"  target=\"_blank\"  class=\"wp-links-icon\">unrentable Telefonzellen ersatzlos abzubauen.<\/a> Wirtschaftlich mag dies verst\u00e4ndlich erscheinen, weil Telefonzellen kaum noch genutzt werden. Die Folge, da\u00df damit wirklich jeder immer ein Handy mit sich f\u00fchren sollte, wird wahrscheinlich vor allem Senioren nicht bewu\u00dft sein. Die Telekom, Politik &amp; Verwaltung sollten die Bev\u00f6lkerung darauf wesentlich mehr hinweisen. Dabei sind gerade Senioren-Handys g\u00fcnstig und einfach in der Bedienung. Smartphones sind hier meist fehlt am Platz.<\/span><\/p>\n<p lang=\"zxx\" align=\"justify\"><span style=\"font-family: Arial,sans-serif;\">Aus dieser Not sollte man jedoch eine Tugend machen. Der typische \u00d6ffentliche B\u00fccherschrank ist oft eine pensionierte Telefonzelle. Was liegt also n\u00e4her, als statt die Telefonzellen aufwendig und vollst\u00e4ndig zu demontieren und auszubuddeln, diese einfach stehen zu lassen, und nur die Technik bis auf die Beleuchtung zu entfernen. Die Telekom spart sich eine Menge Demontage- und Entsorgungskosten. In Zusammenhang mit dem in Planung befindlichen neuen Bibliothekskonzept w\u00fcrde sich auf der anderen Seite mit minimalen Investitionen (Regaleinbau) die M\u00f6glichkeit er\u00f6ffnen, einfach und schnell neue \u00f6ffentliche B\u00fccherschr\u00e4nke mit Wetterschutz und Beleuchtung zu schaffen. Man sollte nur fix sein, damit die Telefonzellen nicht vorher spurlos verschwunden sind. B\u00fccherpaten sollten sich \u00fcber die lokalen Medien schnell finden lassen.<\/span><\/p>\n<p lang=\"zxx\" align=\"justify\">Mein Vorschlag wurde mit Verweis auf den <a href=\"http:\/\/marktplatz-rabenberg.de\/anregungen\/stadtweit\/buecherschrank\/beschluss.pdf\"  target=\"_blank\"  target=\"_blank\">Beschlu\u00df <\/a>des Kulturausschusses abgelehnt (siehe auch <a href=\"http:\/\/marktplatz-rabenberg.de\/anregungen\/stadtweit\/buecherschrank\/wegweiser.pdf\"  target=\"_blank\"  target=\"_blank\">Wegweiser<\/a>). Insbesondere fehle bei Telefonzellen eine ausreichende Barrierefreiheit. Die genehmigten B\u00fccherschr\u00e4nke fassen erheblich mehr B\u00fccher.\u00a0 Barrierefrei sind diese allerdings in den oberen Bereichen auch nicht.<\/p>\n<pre><\/pre>\n","protected":false},"excerpt":{"rendered":"<p>Ich habe bei Stadtverwaltung &amp; Politik folgenden Vorschlag eingereicht: Die Deutsche Telekom hat die Erlaubnis bekommen, unrentable Telefonzellen ersatzlos abzubauen. Wirtschaftlich mag dies verst\u00e4ndlich erscheinen, weil Telefonzellen kaum noch genutzt werden. Die Folge, da\u00df damit wirklich jeder immer ein Handy mit sich f\u00fchren sollte, wird wahrscheinlich vor allem Senioren nicht bewu\u00dft sein. Die Telekom, Politik [&hellip;]<\/p>\n","protected":false},"author":2,"featured_media":0,"parent":55,"menu_order":0,"comment_status":"closed","ping_status":"closed","template":"","meta":[],"_links":{"self":[{"href":"https:\/\/marktplatz-rabenberg.de\/index.php?rest_route=\/wp\/v2\/pages\/336"}],"collection":[{"href":"https:\/\/marktplatz-rabenberg.de\/index.php?rest_route=\/wp\/v2\/pages"}],"about":[{"href":"https:\/\/marktplatz-rabenberg.de\/index.php?rest_route=\/wp\/v2\/types\/page"}],"author":[{"embeddable":true,"href":"https:\/\/marktplatz-rabenberg.de\/index.php?rest_route=\/wp\/v2\/users\/2"}],"replies":[{"embeddable":true,"href":"https:\/\/marktplatz-rabenberg.de\/index.php?rest_route=%2Fwp%2Fv2%2Fcomments&post=336"}],"version-history":[{"count":6,"href":"https:\/\/marktplatz-rabenberg.de\/index.php?rest_route=\/wp\/v2\/pages\/336\/revisions"}],"predecessor-version":[{"id":352,"href":"https:\/\/marktplatz-rabenberg.de\/index.php?rest_route=\/wp\/v2\/pages\/336\/revisions\/352"}],"up":[{"embeddable":true,"href":"https:\/\/marktplatz-rabenberg.de\/index.php?rest_route=\/wp\/v2\/pages\/55"}],"wp:attachment":[{"href":"https:\/\/marktplatz-rabenberg.de\/index.php?rest_route=%2Fwp%2Fv2%2Fmedia&parent=336"}],"curies":[{"name":"wp","href":"https:\/\/api.w.org\/{rel}","templated":true}]}}